{"id":18179,"date":"2025-02-18T07:53:03","date_gmt":"2025-02-18T10:53:03","guid":{"rendered":"https:\/\/proteccionshoppingonline.com.br\/loja\/?post_type=product&#038;p=18179"},"modified":"2025-02-18T07:59:40","modified_gmt":"2025-02-18T10:59:40","slug":"placa-entrada-para-cadeirante","status":"publish","type":"product","link":"https:\/\/proteccionshoppingonline.com.br\/loja\/loja\/placas-cadeirante\/placa-entrada-para-cadeirante\/","title":{"rendered":"Placa Entrada para Cadeirante"},"content":{"rendered":"<h1 class=\"visible-sm visible-md visible-lg Titulos_grande fonte_especial \" style=\"text-align: center;\">Placa Entrada para Cadeirante<\/h1>\n<p>&nbsp;<\/p>\n<p>A placa entrada para cadeirante indica que o local \u00e9 adaptado para pessoas com defici\u00eancia f\u00edsica ou mobilidade reduzida.<\/p>\n<p>&nbsp;<\/p>\n<div class=\"WaaZC\">\n<div class=\"RJPOee EIJn2\">\n<div class=\"rPeykc uP58nb\" data-hveid=\"CAIQAQ\" data-ved=\"2ahUKEwirmLChh82LAxWrhJUCHYcdNcgQo_EKegQIAhAB\"><span data-huuid=\"12017524272951821202\"><span role=\"heading\" aria-level=\"2\">O que a placa de cadeirante sinaliza?<\/p>\n<p><\/span><\/span><\/div>\n<\/div>\n<\/div>\n<div class=\"WaaZC\">\n<div class=\"RJPOee EIJn2\">\n<ul data-hveid=\"CBEQAQ\" data-ved=\"2ahUKEwirmLChh82LAxWrhJUCHYcdNcgQm_YKegQIERAB\">\n<li><span data-huuid=\"12017524272951822939\">Que o ambiente \u00e9 preparado para receber pessoas com defici\u00eancia f\u00edsica<span class=\"pjBG2e\" data-cid=\"4056c83a-dfe0-4897-b660-327fc8329400\"><span class=\"UV3uM\">\u00a0<\/span><\/span><\/span>\n<div class=\"NPrrbc\" data-cid=\"4056c83a-dfe0-4897-b660-327fc8329400\" data-uuids=\"12017524272951822939\">\n<div class=\"BMebGe btku5b fCrZyc LwdV0e FR7ZSc OJeuxf\" tabindex=\"0\" role=\"button\" aria-label=\"Mostrar links relacionados\" data-hveid=\"CAkQAQ\" data-ved=\"2ahUKEwirmLChh82LAxWrhJUCHYcdNcgQ3fYKegQICRAB\"><\/div>\n<\/div>\n<\/li>\n<li><span data-huuid=\"12017524272951824097\">Que o local \u00e9 acess\u00edvel e livre de obst\u00e1culos<span class=\"pjBG2e\" data-cid=\"73a75583-d565-47f2-88f6-86c02708e516\"><span class=\"UV3uM\">\u00a0<\/span><\/span><\/span>\n<div class=\"NPrrbc\" data-cid=\"73a75583-d565-47f2-88f6-86c02708e516\" data-uuids=\"12017524272951824097\">\n<div class=\"BMebGe btku5b fCrZyc LwdV0e FR7ZSc OJeuxf\" tabindex=\"0\" role=\"button\" aria-label=\"Mostrar links relacionados\" data-hveid=\"CA8QAQ\" data-ved=\"2ahUKEwirmLChh82LAxWrhJUCHYcdNcgQ3fYKegQIDxAB\"><\/div>\n<\/div>\n<\/li>\n<li><span data-huuid=\"12017524272951821159\">Que o local \u00e9 adaptado para pessoas com mobilidade reduzida, como mulheres gr\u00e1vidas, obesos e idosos<span class=\"pjBG2e\" data-cid=\"ac62af10-4eb0-44ca-801e-9b3bfcfed16f\"><span class=\"UV3uM\">\u00a0<\/span><\/span><\/span><\/li>\n<\/ul>\n<\/div>\n<\/div>\n<p>&nbsp;<\/p>\n<p><span data-huuid=\"2074173492455502621\">Onde a placa de cadeirante \u00e9 usada?<br \/>\n<\/span><span data-huuid=\"1337283764699949505\">Em teatros, Em museus, Em edif\u00edcios, Em locais p\u00fablicos e privados.<span class=\"pjBG2e\" data-cid=\"e39ba810-7a50-4aa8-80fa-75baa2298915\"><span class=\"UV3uM\"><\/p>\n<p><\/span><\/span><\/span><\/p>\n<div class=\"WaaZC\">\n<div class=\"RJPOee EIJn2\">\n<div class=\"rPeykc uP58nb\" data-hveid=\"CCEQAQ\" data-ved=\"2ahUKEwirmLChh82LAxWrhJUCHYcdNcgQo_EKegQIIRAB\"><span data-huuid=\"14172797659160873289\"><span role=\"heading\" aria-level=\"2\">Como \u00e9 a placa de cadeirante?<\/span><span class=\"pjBG2e\" data-cid=\"55a1bc27-a87a-4c21-a2fd-42c040a600e8\"><span class=\"UV3uM\">\u00a0<\/span><\/span><\/span><\/div>\n<\/div>\n<\/div>\n<div class=\"WaaZC\">\n<div class=\"RJPOee EIJn2\">\n<ul data-hveid=\"CC4QAQ\" data-ved=\"2ahUKEwirmLChh82LAxWrhJUCHYcdNcgQm_YKegQILhAB\">\n<li><span data-huuid=\"14172797659160873732\">Possui um pictograma universal que representa deficientes f\u00edsicos<\/span><\/li>\n<li><span data-huuid=\"14172797659160872662\">Possui a legenda &#8220;Entrada&#8221;<\/span><\/li>\n<li><span data-huuid=\"14172797659160871592\">Pode ser feita de PVC ou alum\u00ednio<\/span><\/li>\n<li><span data-huuid=\"14172797659160874618\">Possui cantos arredondados<\/span><\/li>\n<li><span data-huuid=\"14172797659160873548\">Pode ser fixada em ambientes internos e externos<\/span><\/li>\n<li><span data-huuid=\"14172797659160872478\">Deve ser fixada em uma parede ou local de alta visibilidade<\/span><\/li>\n<\/ul>\n<\/div>\n<\/div>\n<p>&nbsp;<\/p>\n<p>A placa de acessibilidade \u00e9 uma importante medida de acessibilidade que ajuda a garantir o acesso de pessoas com defici\u00eancia f\u00edsica a locais p\u00fablicos e privados.<span class=\"pjBG2e\" data-cid=\"5b44c997-2282-436b-b752-f48726f23cde\"><span class=\"UV3uM\">\u00a0<\/span><\/span><\/p>\n<div class=\"WaaZC\">\n<div class=\"RJPOee EIJn2\">\n<div class=\"WaaZC\">\n<div class=\"RJPOee EIJn2\">\n<div class=\"rPeykc pyPiTc\" data-hveid=\"CBoQAQ\" data-ved=\"2ahUKEwiE2InHgM2LAxV6kJUCHWvkJrEQo_EKegQIGhAB\"><span data-huuid=\"2938198779141534855\"><br \/>\nImport\u00e2ncia<\/span><\/div>\n<\/div>\n<\/div>\n<div class=\"WaaZC\">\n<div class=\"RJPOee EIJn2\">\n<div class=\"rPeykc\" data-hveid=\"CBYQAQ\" data-ved=\"2ahUKEwiE2InHgM2LAxV6kJUCHWvkJrEQo_EKegQIFhAB\">\n<p><span data-huuid=\"2938198779141536897\">A placa de cadeirante \u00e9 uma medida de acessibilidade que ajuda a garantir que pessoas com defici\u00eancia tenham acesso a locais p\u00fablicos e privados.<\/span><\/p>\n<p>A sinaliza\u00e7\u00e3o de acessibilidade desempenha um papel crucial na inclus\u00e3o de pessoas com defici\u00eancias em diversos ambientes. Essas placas e sinais\u00a0fornecem informa\u00e7\u00f5es vitais e instru\u00e7\u00f5es claras para permitir que pessoas com defici\u00eancias naveguem e acessem diferentes espa\u00e7os.<\/p>\n<\/div>\n<\/div>\n<\/div>\n<div class=\"WaaZC\">\n<div class=\"RJPOee EIJn2\">\n<div class=\"rPeykc\" data-hveid=\"CCQQAQ\" data-ved=\"2ahUKEwiE2InHgM2LAxV6kJUCHWvkJrEQo_EKegQIJBAB\"><span data-huuid=\"2938198779141535690\">Exemplos de placas de cadeirante\u00a0<\/span><span data-huuid=\"14234820987988554372\"><span data-huuid=\"14234820987988554372\">Placa de Sinaliza\u00e7\u00e3o para Banheiro Cadeirante Unissex, Placa<br \/>\nEstacionamento Exclusivo Deficiente F\u00edsico, Placa Visual Cadeirante.<\/span><\/span><\/p>\n<\/div>\n<\/div>\n<\/div>\n<div class=\"WaaZC\">\n<div class=\"RJPOee EIJn2\">\n<div class=\"rPeykc pyPiTc\" data-hveid=\"CCoQAQ\" data-ved=\"2ahUKEwiE2InHgM2LAxV6kJUCHWvkJrEQo_EKegQIKhAB\"><span data-huuid=\"2938198779141534639\">S\u00edmbolo de cadeirante<\/span><\/div>\n<\/div>\n<\/div>\n<div class=\"WaaZC\">\n<div class=\"RJPOee EIJn2\">\n<div class=\"rPeykc\" data-hveid=\"CCkQAQ\" data-ved=\"2ahUKEwiE2InHgM2LAxV6kJUCHWvkJrEQo_EKegQIKRAB\">\n<p><span data-huuid=\"2938198779141536681\">O s\u00edmbolo azul com o \u00edcone de uma pessoa em cadeira de rodas representa todas as pessoas com defici\u00eancia, seja f\u00edsica, visual, auditiva, intelectual e com autismo.<\/span><\/p>\n<p>&nbsp;<\/p>\n<p>Modelo: Placa Cadeirante.<\/p>\n<p>&#8211; Tamanho 20\u00a0x 20\u00a0cm.<\/p>\n<p>&#8211; Produzidas em PVC expandido com 2 mm de espessura.<\/p>\n<p>&#8211; N\u00e3o inflam\u00e1vel e autoextingu\u00edvel (n\u00e3o propaga chama).<\/p>\n<p>&#8211; Possuem pictogramas, textos e cores impressas em processo serigr\u00e1\ufb01co de alta de\ufb01ni\u00e7\u00e3o.<\/p>\n<p>&#8211; Identificada de forma leg\u00edvel, na face exposta, com o n\u00famero do CNPJ do fabricante.<\/p>\n<p>&#8211; Cont\u00e9m as informa\u00e7\u00f5es das caracter\u00edsticas fotoluminescentes tais como: intensidade luminosa, tempo de atenua\u00e7\u00e3o e cores.<\/p>\n<p>&#8211; Atendem a NBR 13434-2.<\/p>\n<p>&#8211; N\u00e3o acompanha fita dupla face para fixa\u00e7\u00e3o.<\/p>\n<\/div>\n<\/div>\n<\/div>\n<\/div>\n<\/div>\n<p>Temos centenas de produtos dispon\u00edveis, a fim de atender suas necessidades!<\/p>\n<p>Consulte-nos para mais detalhes, com a finalidade de sanar suas d\u00favidas!<\/p>\n<p>Atendimento em suma de seg \u00e0 sexta das 08 \u2013 12 e 13 \u2013 17hs.<\/p>\n<p>&nbsp;<\/p>\n<p>Consultar\u00a0<a href=\"http:\/\/www.engenharia.proteccionshoppingonline.com.br\/\">Proteccion engenharia<\/a><\/p>\n<p>Consultar\u00a0<a href=\"https:\/\/proteccionshoppingonline.com.br\/loja\/norma-it-20-2019\/\">catalogos-it-normas\u00a0<\/a><\/p>\n","protected":false},"excerpt":{"rendered":"<p>A placa entrada para cadeirante indica que o local \u00e9 adaptado para pessoas com defici\u00eancia f\u00edsica ou mobilidade reduzida.<\/p>\n","protected":false},"featured_media":18182,"template":"","meta":{"_seopress_robots_primary_cat":"none","_seopress_titles_title":"Placa Entrada para Cadeirante","_seopress_titles_desc":"A placa entrada para cadeirante indica que o local \u00e9 adaptado para pessoas com defici\u00eancia f\u00edsica ou mobilidade reduzida.\u00a0","_seopress_robots_index":""},"product_brand":[],"product_cat":[529],"product_tag":[292,301,304,305,125],"class_list":{"0":"post-18179","1":"product","2":"type-product","3":"status-publish","4":"has-post-thumbnail","6":"product_cat-placas-cadeirante","7":"product_tag-placa-alcool-em-gel","8":"product_tag-placa-extintor-agua-fotoluminescente","9":"product_tag-placa-mangueira-de-incendio-fotoluminescente","10":"product_tag-placa-pictograma-hidrante-fotoluminescente","11":"product_tag-spray-fumaca-teste","12":"product_shipping_class-correios","14":"first","15":"onbackorder","16":"shipping-taxable","17":"product-type-variable"},"yoast_head":"<!-- This site is optimized with the Yoast SEO plugin v27.2 - https:\/\/yoast.com\/product\/yoast-seo-wordpress\/ -->\n<title>Placa Entrada para Cadeirante - Protecci\u00f3n Shopping<\/title>\n<meta name=\"description\" content=\"A placa entrada para cadeirante indica que o local \u00e9 adaptado para pessoas com defici\u00eancia f\u00edsica ou mobilidade reduzida.\u00a0\" \/>\n<meta name=\"robots\" content=\"index, follow, max-snippet:-1, max-image-preview:large, max-video-preview:-1\" \/>\n<link rel=\"canonical\" href=\"https:\/\/proteccionshoppingonline.com.br\/loja\/loja\/placas-cadeirante\/placa-entrada-para-cadeirante\/\" \/>\n<meta property=\"og:locale\" content=\"pt_BR\" \/>\n<meta property=\"og:type\" content=\"article\" \/>\n<meta property=\"og:title\" content=\"Placa Entrada para Cadeirante - Protecci\u00f3n Shopping\" \/>\n<meta property=\"og:description\" content=\"A placa entrada para cadeirante indica que o local \u00e9 adaptado para pessoas com defici\u00eancia f\u00edsica ou mobilidade reduzida.\u00a0\" \/>\n<meta property=\"og:url\" content=\"https:\/\/proteccionshoppingonline.com.br\/loja\/loja\/placas-cadeirante\/placa-entrada-para-cadeirante\/\" \/>\n<meta property=\"og:site_name\" content=\"Protecci\u00f3n\" \/>\n<meta property=\"article:modified_time\" content=\"2025-02-18T10:59:40+00:00\" \/>\n<meta property=\"og:image\" content=\"https:\/\/proteccionshoppingonline.com.br\/loja\/wp-content\/uploads\/2025\/02\/Design-sem-nome-58.png\" \/>\n\t<meta property=\"og:image:width\" content=\"500\" \/>\n\t<meta property=\"og:image:height\" content=\"500\" \/>\n\t<meta property=\"og:image:type\" content=\"image\/png\" \/>\n<meta name=\"twitter:card\" content=\"summary_large_image\" \/>\n<meta name=\"twitter:label1\" content=\"Est. tempo de leitura\" \/>\n\t<meta name=\"twitter:data1\" content=\"3 minutos\" \/>\n<script type=\"application\/ld+json\" class=\"yoast-schema-graph\">{\"@context\":\"https:\/\/schema.org\",\"@graph\":[{\"@type\":\"WebPage\",\"@id\":\"https:\/\/proteccionshoppingonline.com.br\/loja\/loja\/placas-cadeirante\/placa-entrada-para-cadeirante\/\",\"url\":\"https:\/\/proteccionshoppingonline.com.br\/loja\/loja\/placas-cadeirante\/placa-entrada-para-cadeirante\/\",\"name\":\"Placa Entrada para Cadeirante - Protecci\u00f3n Shopping\",\"isPartOf\":{\"@id\":\"https:\/\/proteccionshoppingonline.com.br\/loja\/#website\"},\"primaryImageOfPage\":{\"@id\":\"https:\/\/proteccionshoppingonline.com.br\/loja\/loja\/placas-cadeirante\/placa-entrada-para-cadeirante\/#primaryimage\"},\"image\":{\"@id\":\"https:\/\/proteccionshoppingonline.com.br\/loja\/loja\/placas-cadeirante\/placa-entrada-para-cadeirante\/#primaryimage\"},\"thumbnailUrl\":\"https:\/\/proteccionshoppingonline.com.br\/loja\/wp-content\/uploads\/2025\/02\/Design-sem-nome-58.png\",\"datePublished\":\"2025-02-18T10:53:03+00:00\",\"dateModified\":\"2025-02-18T10:59:40+00:00\",\"description\":\"A placa entrada para cadeirante indica que o local \u00e9 adaptado para pessoas com defici\u00eancia f\u00edsica ou mobilidade reduzida.\u00a0\",\"breadcrumb\":{\"@id\":\"https:\/\/proteccionshoppingonline.com.br\/loja\/loja\/placas-cadeirante\/placa-entrada-para-cadeirante\/#breadcrumb\"},\"inLanguage\":\"pt-BR\",\"potentialAction\":[{\"@type\":\"ReadAction\",\"target\":[\"https:\/\/proteccionshoppingonline.com.br\/loja\/loja\/placas-cadeirante\/placa-entrada-para-cadeirante\/\"]}]},{\"@type\":\"ImageObject\",\"inLanguage\":\"pt-BR\",\"@id\":\"https:\/\/proteccionshoppingonline.com.br\/loja\/loja\/placas-cadeirante\/placa-entrada-para-cadeirante\/#primaryimage\",\"url\":\"https:\/\/proteccionshoppingonline.com.br\/loja\/wp-content\/uploads\/2025\/02\/Design-sem-nome-58.png\",\"contentUrl\":\"https:\/\/proteccionshoppingonline.com.br\/loja\/wp-content\/uploads\/2025\/02\/Design-sem-nome-58.png\",\"width\":500,\"height\":500,\"caption\":\"Placa Entrada para Cadeirante\"},{\"@type\":\"BreadcrumbList\",\"@id\":\"https:\/\/proteccionshoppingonline.com.br\/loja\/loja\/placas-cadeirante\/placa-entrada-para-cadeirante\/#breadcrumb\",\"itemListElement\":[{\"@type\":\"ListItem\",\"position\":1,\"name\":\"Home\",\"item\":\"https:\/\/proteccionshoppingonline.com.br\/loja\/\"},{\"@type\":\"ListItem\",\"position\":2,\"name\":\"Produtos\",\"item\":\"https:\/\/proteccionshoppingonline.com.br\/loja\/cart-2\/\"},{\"@type\":\"ListItem\",\"position\":3,\"name\":\"Placa Entrada para Cadeirante\"}]},{\"@type\":\"WebSite\",\"@id\":\"https:\/\/proteccionshoppingonline.com.br\/loja\/#website\",\"url\":\"https:\/\/proteccionshoppingonline.com.br\/loja\/\",\"name\":\"Protecci\u00f3n Shopping On Line | Seguran\u00e7a contra Inc\u00eandios\",\"description\":\"Seguran\u00e7a contra Inc\u00eandios\",\"publisher\":{\"@id\":\"https:\/\/proteccionshoppingonline.com.br\/loja\/#organization\"},\"potentialAction\":[{\"@type\":\"SearchAction\",\"target\":{\"@type\":\"EntryPoint\",\"urlTemplate\":\"https:\/\/proteccionshoppingonline.com.br\/loja\/?s={search_term_string}\"},\"query-input\":{\"@type\":\"PropertyValueSpecification\",\"valueRequired\":true,\"valueName\":\"search_term_string\"}}],\"inLanguage\":\"pt-BR\"},{\"@type\":\"Organization\",\"@id\":\"https:\/\/proteccionshoppingonline.com.br\/loja\/#organization\",\"name\":\"Protecci\u00f3n Shopping On Line\",\"url\":\"https:\/\/proteccionshoppingonline.com.br\/loja\/\",\"logo\":{\"@type\":\"ImageObject\",\"inLanguage\":\"pt-BR\",\"@id\":\"https:\/\/proteccionshoppingonline.com.br\/loja\/#\/schema\/logo\/image\/\",\"url\":\"https:\/\/proteccionshoppingonline.com.br\/loja\/wp-content\/uploads\/2024\/01\/Proteccion-Shopping-On-Line-Logo-Nova.png\",\"contentUrl\":\"https:\/\/proteccionshoppingonline.com.br\/loja\/wp-content\/uploads\/2024\/01\/Proteccion-Shopping-On-Line-Logo-Nova.png\",\"width\":2000,\"height\":600,\"caption\":\"Protecci\u00f3n Shopping On Line\"},\"image\":{\"@id\":\"https:\/\/proteccionshoppingonline.com.br\/loja\/#\/schema\/logo\/image\/\"}}]}<\/script>\n<!-- \/ Yoast SEO plugin. -->","yoast_head_json":{"title":"Placa Entrada para Cadeirante - Protecci\u00f3n Shopping","description":"A placa entrada para cadeirante indica que o local \u00e9 adaptado para pessoas com defici\u00eancia f\u00edsica ou mobilidade reduzida.\u00a0","robots":{"index":"index","follow":"follow","max-snippet":"max-snippet:-1","max-image-preview":"max-image-preview:large","max-video-preview":"max-video-preview:-1"},"canonical":"https:\/\/proteccionshoppingonline.com.br\/loja\/loja\/placas-cadeirante\/placa-entrada-para-cadeirante\/","og_locale":"pt_BR","og_type":"article","og_title":"Placa Entrada para Cadeirante - Protecci\u00f3n Shopping","og_description":"A placa entrada para cadeirante indica que o local \u00e9 adaptado para pessoas com defici\u00eancia f\u00edsica ou mobilidade reduzida.\u00a0","og_url":"https:\/\/proteccionshoppingonline.com.br\/loja\/loja\/placas-cadeirante\/placa-entrada-para-cadeirante\/","og_site_name":"Protecci\u00f3n","article_modified_time":"2025-02-18T10:59:40+00:00","og_image":[{"width":500,"height":500,"url":"https:\/\/proteccionshoppingonline.com.br\/loja\/wp-content\/uploads\/2025\/02\/Design-sem-nome-58.png","type":"image\/png"}],"twitter_card":"summary_large_image","twitter_misc":{"Est. tempo de leitura":"3 minutos"},"schema":{"@context":"https:\/\/schema.org","@graph":[{"@type":"WebPage","@id":"https:\/\/proteccionshoppingonline.com.br\/loja\/loja\/placas-cadeirante\/placa-entrada-para-cadeirante\/","url":"https:\/\/proteccionshoppingonline.com.br\/loja\/loja\/placas-cadeirante\/placa-entrada-para-cadeirante\/","name":"Placa Entrada para Cadeirante - Protecci\u00f3n Shopping","isPartOf":{"@id":"https:\/\/proteccionshoppingonline.com.br\/loja\/#website"},"primaryImageOfPage":{"@id":"https:\/\/proteccionshoppingonline.com.br\/loja\/loja\/placas-cadeirante\/placa-entrada-para-cadeirante\/#primaryimage"},"image":{"@id":"https:\/\/proteccionshoppingonline.com.br\/loja\/loja\/placas-cadeirante\/placa-entrada-para-cadeirante\/#primaryimage"},"thumbnailUrl":"https:\/\/proteccionshoppingonline.com.br\/loja\/wp-content\/uploads\/2025\/02\/Design-sem-nome-58.png","datePublished":"2025-02-18T10:53:03+00:00","dateModified":"2025-02-18T10:59:40+00:00","description":"A placa entrada para cadeirante indica que o local \u00e9 adaptado para pessoas com defici\u00eancia f\u00edsica ou mobilidade reduzida.\u00a0","breadcrumb":{"@id":"https:\/\/proteccionshoppingonline.com.br\/loja\/loja\/placas-cadeirante\/placa-entrada-para-cadeirante\/#breadcrumb"},"inLanguage":"pt-BR","potentialAction":[{"@type":"ReadAction","target":["https:\/\/proteccionshoppingonline.com.br\/loja\/loja\/placas-cadeirante\/placa-entrada-para-cadeirante\/"]}]},{"@type":"ImageObject","inLanguage":"pt-BR","@id":"https:\/\/proteccionshoppingonline.com.br\/loja\/loja\/placas-cadeirante\/placa-entrada-para-cadeirante\/#primaryimage","url":"https:\/\/proteccionshoppingonline.com.br\/loja\/wp-content\/uploads\/2025\/02\/Design-sem-nome-58.png","contentUrl":"https:\/\/proteccionshoppingonline.com.br\/loja\/wp-content\/uploads\/2025\/02\/Design-sem-nome-58.png","width":500,"height":500,"caption":"Placa Entrada para Cadeirante"},{"@type":"BreadcrumbList","@id":"https:\/\/proteccionshoppingonline.com.br\/loja\/loja\/placas-cadeirante\/placa-entrada-para-cadeirante\/#breadcrumb","itemListElement":[{"@type":"ListItem","position":1,"name":"Home","item":"https:\/\/proteccionshoppingonline.com.br\/loja\/"},{"@type":"ListItem","position":2,"name":"Produtos","item":"https:\/\/proteccionshoppingonline.com.br\/loja\/cart-2\/"},{"@type":"ListItem","position":3,"name":"Placa Entrada para Cadeirante"}]},{"@type":"WebSite","@id":"https:\/\/proteccionshoppingonline.com.br\/loja\/#website","url":"https:\/\/proteccionshoppingonline.com.br\/loja\/","name":"Protecci\u00f3n Shopping On Line | Seguran\u00e7a contra Inc\u00eandios","description":"Seguran\u00e7a contra Inc\u00eandios","publisher":{"@id":"https:\/\/proteccionshoppingonline.com.br\/loja\/#organization"},"potentialAction":[{"@type":"SearchAction","target":{"@type":"EntryPoint","urlTemplate":"https:\/\/proteccionshoppingonline.com.br\/loja\/?s={search_term_string}"},"query-input":{"@type":"PropertyValueSpecification","valueRequired":true,"valueName":"search_term_string"}}],"inLanguage":"pt-BR"},{"@type":"Organization","@id":"https:\/\/proteccionshoppingonline.com.br\/loja\/#organization","name":"Protecci\u00f3n Shopping On Line","url":"https:\/\/proteccionshoppingonline.com.br\/loja\/","logo":{"@type":"ImageObject","inLanguage":"pt-BR","@id":"https:\/\/proteccionshoppingonline.com.br\/loja\/#\/schema\/logo\/image\/","url":"https:\/\/proteccionshoppingonline.com.br\/loja\/wp-content\/uploads\/2024\/01\/Proteccion-Shopping-On-Line-Logo-Nova.png","contentUrl":"https:\/\/proteccionshoppingonline.com.br\/loja\/wp-content\/uploads\/2024\/01\/Proteccion-Shopping-On-Line-Logo-Nova.png","width":2000,"height":600,"caption":"Protecci\u00f3n Shopping On Line"},"image":{"@id":"https:\/\/proteccionshoppingonline.com.br\/loja\/#\/schema\/logo\/image\/"}}]}},"_links":{"self":[{"href":"https:\/\/proteccionshoppingonline.com.br\/loja\/wp-json\/wp\/v2\/product\/18179","targetHints":{"allow":["GET"]}}],"collection":[{"href":"https:\/\/proteccionshoppingonline.com.br\/loja\/wp-json\/wp\/v2\/product"}],"about":[{"href":"https:\/\/proteccionshoppingonline.com.br\/loja\/wp-json\/wp\/v2\/types\/product"}],"version-history":[{"count":2,"href":"https:\/\/proteccionshoppingonline.com.br\/loja\/wp-json\/wp\/v2\/product\/18179\/revisions"}],"predecessor-version":[{"id":18184,"href":"https:\/\/proteccionshoppingonline.com.br\/loja\/wp-json\/wp\/v2\/product\/18179\/revisions\/18184"}],"wp:featuredmedia":[{"embeddable":true,"href":"https:\/\/proteccionshoppingonline.com.br\/loja\/wp-json\/wp\/v2\/media\/18182"}],"wp:attachment":[{"href":"https:\/\/proteccionshoppingonline.com.br\/loja\/wp-json\/wp\/v2\/media?parent=18179"}],"wp:term":[{"taxonomy":"product_brand","embeddable":true,"href":"https:\/\/proteccionshoppingonline.com.br\/loja\/wp-json\/wp\/v2\/product_brand?post=18179"},{"taxonomy":"product_cat","embeddable":true,"href":"https:\/\/proteccionshoppingonline.com.br\/loja\/wp-json\/wp\/v2\/product_cat?post=18179"},{"taxonomy":"product_tag","embeddable":true,"href":"https:\/\/proteccionshoppingonline.com.br\/loja\/wp-json\/wp\/v2\/product_tag?post=18179"}],"curies":[{"name":"wp","href":"https:\/\/api.w.org\/{rel}","templated":true}]}}